{"id":380425,"date":"2024-04-25T12:37:20","date_gmt":"2024-04-25T09:37:20","guid":{"rendered":"https:\/\/visitwp.dgmedialink.com\/useful-info\/strefa-czasowa-godziny-pracy-dni-swiateczne\/"},"modified":"2025-04-11T10:01:53","modified_gmt":"2025-04-11T07:01:53","slug":"strefa-czasowa-godziny-pracy-dni-swiateczne","status":"publish","type":"page","link":"https:\/\/www.visitcyprus.com\/pl\/useful-info\/strefa-czasowa-godziny-pracy-dni-swiateczne\/","title":{"rendered":"Strefa Czasowa, Godziny Pracy, dni \u015awi\u0105teczne"},"content":{"rendered":"\t\t<div data-elementor-type=\"wp-page\" data-elementor-id=\"380425\" class=\"elementor elementor-380425 elementor-269043\" data-elementor-post-type=\"page\">\n\t\t\t\t<div class=\"elementor-element elementor-element-1644460a e-con-full e-flex e-con e-parent\" data-id=\"1644460a\" data-element_type=\"container\" data-e-type=\"container\">\n\t\t\t\t<div class=\"elementor-element elementor-element-522a058c elementor-widget elementor-widget-breadcrumbs\" data-id=\"522a058c\" data-element_type=\"widget\" data-e-type=\"widget\" data-widget_type=\"breadcrumbs.default\">\n\t\t\t\t<div class=\"elementor-widget-container\">\n\t\t\t\t\t<p id=\"breadcrumbs\">\tYou are here:\n<span><span><a href=\"https:\/\/www.visitcyprus.com\/pl\/\">Home<\/a><\/span><\/span><\/p>\t\t\t\t<\/div>\n\t\t\t\t<\/div>\n\t\t\t\t<\/div>\n\t\t<div class=\"elementor-element elementor-element-3e74e729 e-con-full no-banner-page e-flex e-con e-parent\" data-id=\"3e74e729\" data-element_type=\"container\" data-e-type=\"container\">\n\t\t<div class=\"elementor-element elementor-element-3894b394 e-con-full e-flex e-con e-child\" data-id=\"3894b394\" data-element_type=\"container\" data-e-type=\"container\">\n\t\t\t\t<div class=\"elementor-element elementor-element-24726bc7 elementor-widget elementor-widget-heading\" data-id=\"24726bc7\" data-element_type=\"widget\" data-e-type=\"widget\" data-widget_type=\"heading.default\">\n\t\t\t\t<div class=\"elementor-widget-container\">\n\t\t\t\t\t<h2 class=\"elementor-heading-title elementor-size-default\">Strefa Czasowa, Godziny Pracy, dni \u015awi\u0105teczne<\/h2>\t\t\t\t<\/div>\n\t\t\t\t<\/div>\n\t\t\t\t<div class=\"elementor-element elementor-element-1c1d4288 elementor-widget elementor-widget-text-editor\" data-id=\"1c1d4288\" data-element_type=\"widget\" data-e-type=\"widget\" data-widget_type=\"text-editor.default\">\n\t\t\t\t<div class=\"elementor-widget-container\">\n\t\t\t\t\t\t\t\t\t<p><strong>Strefa czasowa<\/strong><br>Cypr znajduje si\u0119 w strefie czasowej GMT + 2 godziny.<br><strong><em>Strefy czasowe w innych pa\u0144stwach<\/em><\/strong><\/p>\n<table border=\"0\" width=\"633\" cellspacing=\"0\" cellpadding=\"0\">\n<tbody>\n<tr>\n<td><strong>Nazwa pa\u0144stwa<\/strong><\/td>\n<td><strong>R\u00f3\u017cnica czasu w godzinach wzgl\u0119dem GMT<\/strong><\/td>\n<\/tr>\n<tr>\n<td>Austria<\/td>\n<td>+1<\/td>\n<\/tr>\n<tr>\n<td>Bahrain<\/td>\n<td>+3<\/td>\n<\/tr>\n<tr>\n<td>Belgia<\/td>\n<td>+1<\/td>\n<\/tr>\n<tr>\n<td>Kanada<\/td>\n<td>-5<\/td>\n<\/tr>\n<tr>\n<td>Chiny<\/td>\n<td>+8<\/td>\n<\/tr>\n<tr>\n<td>Cypr<\/td>\n<td>+2<\/td>\n<\/tr>\n<tr>\n<td>Dania<\/td>\n<td>+1<\/td>\n<\/tr>\n<tr>\n<td>Francja<\/td>\n<td>+1<\/td>\n<\/tr>\n<tr>\n<td>Niemcy<\/td>\n<td>+1<\/td>\n<\/tr>\n<tr>\n<td>Grecja<\/td>\n<td>+2<\/td>\n<\/tr>\n<tr>\n<td>Hong Kong<\/td>\n<td>+8<\/td>\n<\/tr>\n<tr>\n<td>Indie<\/td>\n<td>+5,5<\/td>\n<\/tr>\n<tr>\n<td>Irak<\/td>\n<td>+3<\/td>\n<\/tr>\n<tr>\n<td>W\u0142ochy<\/td>\n<td>+1<\/td>\n<\/tr>\n<\/tbody>\n<\/table>\n<p><strong><em>Czas letni<\/em><\/strong><br>W ka\u017cd\u0105 ostatni\u0105 niedziel\u0119 o godzinie trzeciej w nocy (tj. godz. 1:00 GMT) na Cyprze zmienia si\u0119 czas na letni. Zegary \u201eprzesuwa si\u0119\u201d do przodu o jedn\u0105 godzin\u0119.<br>W ka\u017cd\u0105 ostatni\u0105 niedziel\u0119 pa\u017adziernika z kolei t\u0119 zmian\u0119 odwracamy, przestawiaj\u0105c zegary z godziny czwartej w nocy (1:00 GMT) na trzeci\u0105.<br><strong><em>Godzina wschodu i zachodu s\u0142o\u0144ca<\/em><\/strong><br>Podane godziny wschodu i zachodu s\u0142o\u0144ca podano dla 15. dnia miesi\u0105ca w zaokr\u0105gleniu do pi\u0119ciu minut.<\/p>\n<table border=\"0\" width=\"616\" cellspacing=\"0\" cellpadding=\"0\">\n<tbody>\n<tr>\n<td><strong>Miesi\u0105c<\/strong><\/td>\n<td><strong>Wsch\u00f3d<\/strong><\/td>\n<td><strong>Zach\u00f3d<\/strong><\/td>\n<\/tr>\n<tr>\n<td>stycze\u0144<\/td>\n<td>6:55<\/td>\n<td>17:00<\/td>\n<\/tr>\n<tr>\n<td>luty<\/td>\n<td>6:35<\/td>\n<td>17:30<\/td>\n<\/tr>\n<tr>\n<td>marzec<\/td>\n<td>6:00<\/td>\n<td>17:55<\/td>\n<\/tr>\n<tr>\n<td>kwiecie\u0144<\/td>\n<td>6:15<\/td>\n<td>19:20<\/td>\n<\/tr>\n<tr>\n<td>maj<\/td>\n<td>5:45<\/td>\n<td>19:45<\/td>\n<\/tr>\n<tr>\n<td>czerwiec<\/td>\n<td>5:30<\/td>\n<td>20:00<\/td>\n<\/tr>\n<tr>\n<td>lipiec<\/td>\n<td>5:45<\/td>\n<td>20:00<\/td>\n<\/tr>\n<tr>\n<td>sierpie\u0144<\/td>\n<td>6:05<\/td>\n<td>19:35<\/td>\n<\/tr>\n<tr>\n<td>wrzesie\u0144<\/td>\n<td>6:30<\/td>\n<td>18:55<\/td>\n<\/tr>\n<tr>\n<td>pa\u017adziernik<\/td>\n<td>6:50<\/td>\n<td>18:15<\/td>\n<\/tr>\n<tr>\n<td>listopad<\/td>\n<td>6:20<\/td>\n<td>16:45<\/td>\n<\/tr>\n<tr>\n<td>grudzie\u0144<\/td>\n<td>6:45<\/td>\n<td>16:35<\/td>\n<\/tr>\n<\/tbody>\n<\/table>\n<p><strong>Godziny pracy<\/strong><br>Urz\u0119dy pa\u0144stwowe, prywatne firmy oraz sklepy nie posiadaj\u0105 wsp\u00f3lnie ustalonych godzin funkcjonowania. Poni\u017cej znajduj\u0105 si\u0119 og\u00f3lne wskaz\u00f3wki odno\u015bnie godzin pracy biur, sklep\u00f3w oraz bank\u00f3w.<\/p>\n<p><strong><em>Godziny pracy urz\u0119d\u00f3w<\/em><\/strong><br>Godziny pracy urz\u0119d\u00f3w s\u0105 elastyczne przez ca\u0142y rok. Urz\u0119dy s\u0105 otwarte od poniedzia\u0142ku do pi\u0105tku od 7:30-8.30 do 15:00-16:00.<br><strong><em>Godziny pracy przedsi\u0119biorstw sektora prywatnego<\/em><\/strong><br>Ka\u017cda firma ustala w\u0142asne godziny pracy, jednak og\u00f3lnie mo\u017cna przyj\u0105\u0107, \u017ce firmy s\u0105 czynne od poniedzia\u0142ku do pi\u0105tku od 8:00 do 13:00, a po po\u0142udniu od 15:00 do 18:00 w okresie od 15. wrze\u015bnia do 31. maja, za\u015b w pozosta\u0142ych dniach roku \u2013 od 16:00 do 19:00.<\/p>\n<p><strong><em>Godziny otwarcia sklep\u00f3w<\/em><\/strong><br>Sklepy s\u0105 czynne w r\u00f3\u017cnych godzinach, zale\u017cnie od asortymentu i lokalizacji (w mie\u015bcie, na wsi, w rejonie turystycznym).<br>Og\u00f3lnie mo\u017cna przyj\u0105\u0107, \u017ce sklepy s\u0105 otwarte od poniedzia\u0142ku do soboty mi\u0119dzy 7:00 a 21:00, jednak czas ten mo\u017ce si\u0119 r\u00f3\u017cni\u0107 o godzin\u0119 albo dwie, zale\u017cnie od rodzaju i po\u0142o\u017cenia sklepu. W niedziele sklepy otwierane s\u0105 p\u00f3\u017aniej, zwykle oko\u0142o 11:00, a zamykaj\u0105 si\u0119 od 14:00 nawet do 22:00 \u2013 zn\u00f3w jest to kwestia po\u0142o\u017cenia oraz sprzedawanego towaru.<br>Niekt\u00f3re sklepy, zgodnie z dawniejszym zwyczajem, utrzyma\u0142y wolne \u015brodowe i sobotnie popo\u0142udnia, a tak\u017ce pozostaj\u0105 zamkni\u0119te w niedziele. Jednak\u017ce w wi\u0119kszo\u015bci rejon\u00f3w turystycznych Cypru zar\u00f3wno sklepy, jak i supermarkety, pozostaj\u0105 czynne do p\u00f3\u017ana w nocy oraz s\u0105 czynne r\u00f3wnie\u017c w niedziele.<br>W okresie od 15. czerwca do 31. sierpnia opcjonalnie stosuje si\u0119 trzygodzinn\u0105 przerw\u0119 na odpoczynek od pracy: od 14:00 do 17:00 (siesta).<\/p>\n<p>W okresie Bo\u017cego Narodzenia i Wielkanocy obowi\u0105zuj\u0105 specjalne godziny handlu \u2013 sklepy mog\u0105 by\u0107 otwarte d\u0142u\u017cej w okresie poprzedzaj\u0105cym ka\u017cde ze \u015bwi\u0105t, ale za to w Wigili\u0119, Sylwestra i Wielki Pi\u0105tek s\u0105 czynne najp\u00f3\u017aniej do 18:00.<\/p>\n<p><strong>Pory posi\u0142k\u00f3w<br><\/strong>\u015aniadania serwuje si\u0119 na og\u00f3\u0142 mi\u0119dzy 7:00 a 10:00, pora lunchowa w restauracjach trwa od 12:00 do 15:00, natomiast obiadowa \u2013 od 19:00 do p\u00f3\u017anego wieczora.<\/p>\n<p><strong>Dni \u015bwi\u0105teczne<\/strong><br>Poni\u017cej znajduje si\u0119 lista obchodzonych na Cyprze \u015bwi\u0105t. S\u0105 to dni wolne od pracy dla wszystkich urz\u0119d\u00f3w, prywatnych firm, bank\u00f3w i sklep\u00f3w, cho\u0107 w rejonach turystycznych czy nadmorskich wiele sklep\u00f3w oraz niekt\u00f3re punkty us\u0142ugowe pozostan\u0105 czynne. Banki s\u0105 zamkni\u0119te r\u00f3wnie\u017c we wtorek po Wielkanocy, ale nie w Wigili\u0119 Bo\u017cego Narodzenia.&nbsp;&nbsp;Podczas Wielkiego Tygodnia g\u0142\u00f3wne stanowiska archeologiczne i muzea s\u0105 nieczynne tylko w Niedziel\u0119 Wielkanocn\u0105.<\/p>\n<p>&#8211; 1. stycznia \u2013 Nowy Rok<br>&#8211; 6. stycznia \u2013 Uroczysto\u015b\u0107 Objawienia Pa\u0144skiego (\u015awi\u0119to Trzech Kr\u00f3li)<br>&#8211; 25. marca \u2013 \u015awi\u0119to Niepodleg\u0142o\u015bci Grecji<br>&#8211; 1. kwietnia \u2013 Narodowe \u015awi\u0119to Cypru<br>&#8211; 1. maja \u2013 \u015awi\u0119to Pracy<br>&#8211; 15. sierpnia \u2013 Wniebowst\u0105pienie Naj\u015bwi\u0119tszej Maryi Panny<br>&#8211; 1. pa\u017adziernika \u2013 Dzie\u0144 Niepodleg\u0142o\u015bci Cypru<br>&#8211; 28. pa\u017adziernika \u2013 Narodowe \u015awi\u0119to Grecji<br>&#8211; 24. grudnia \u2013 Wigilia Bo\u017cego Narodzenia<br>&#8211; 25. grudnia \u2013 Bo\u017ce Narodzenie<br>&#8211; 26. grudnia \u2013 Drugi Dzie\u0144 \u015awi\u0105t Bo\u017cego Narodzenia<br>&#8211; zmienna data \u2013 Zielony Poniedzia\u0142ek (50 dni przed \u015awi\u0119tem Wielkiej Nocy w ko\u015bciele greckokatolickim; zwany r\u00f3wnie\u017c Czystym\/Popielcowym Poniedzia\u0142kiem)<br>&#8211; zmienna data \u2013 Wielki Pi\u0105tek (ko\u015bci\u00f3\u0142 greckokatolicki)<br>&#8211; zmienna data \u2013 Wielkanoc (ko\u015bci\u00f3\u0142 greckokatolicki)<br>&#8211; zmienna data \u2013 Poniedzia\u0142ek Wielkanocny (ko\u015bci\u00f3\u0142 greckokatolicki)<br>&#8211; zmienna data \u2013 Zes\u0142anie Ducha \u015awi\u0119tego (Zielone \u015awi\u0105tki) \u2013&nbsp;<em>Kataklysmos&nbsp;<\/em>(\u015awi\u0119to Potopu)<\/p>\n<p><strong>Wykaz \u015bwi\u0105t o zmiennej dacie w latach 2025 \u2013 2029<\/strong><\/p>\n<table border=\"0\" width=\"733\" cellspacing=\"0\" cellpadding=\"0\">\n<tbody>\n<tr>\n<td>&nbsp;<\/td>\n<td><strong>2025<\/strong><\/td>\n<td><strong>2026<\/strong><\/td>\n<td><strong>2027<\/strong><\/td>\n<td><strong>2028<\/strong><\/td>\n<td><strong>2029<\/strong><\/td>\n<\/tr>\n<tr>\n<td><strong>Zielony Poniedzia\u0142ek<\/strong><\/td>\n<td>3\/3<\/td>\n<td>23\/2<\/td>\n<td>15\/3<\/td>\n<td>28\/2<\/td>\n<td>19\/2<\/td>\n<\/tr>\n<tr>\n<td><strong>Wielki Pi\u0105tek (ko\u015bci\u00f3\u0142 grekokatolicki)<\/strong><\/td>\n<td>18\/4<\/td>\n<td>10\/4<\/td>\n<td>30\/4<\/td>\n<td>14\/4<\/td>\n<td>6\/4<\/td>\n<\/tr>\n<tr>\n<td><strong>Niedziela Wielkanocna (ko\u015bci\u00f3\u0142 grekokatolicki)<\/strong><\/td>\n<td>20\/4<\/td>\n<td>12\/4<\/td>\n<td>2\/5<\/td>\n<td>16\/4<\/td>\n<td>8\/4<\/td>\n<\/tr>\n<tr>\n<td><strong>Poniedzia\u0142ek Wielkanocny (ko\u015bci\u00f3\u0142 grekokatolicki)<\/strong><\/td>\n<td>21\/4<\/td>\n<td>13\/4<\/td>\n<td>3\/5<\/td>\n<td>17\/4<\/td>\n<td>9\/4<\/td>\n<\/tr>\n<tr>\n<td><strong>Poniedzia\u0142ek Zes\u0142ania Ducha \u015awi\u0119tego&nbsp;(Kataklysmos)<\/strong><\/td>\n<td>9\/6<\/td>\n<td>1\/6<\/td>\n<td>21\/6<\/td>\n<td>5\/6<\/td>\n<td>28\/6<\/td>\n<\/tr>\n<tr>\n<td><strong>Niedziela Wielkanocna (ko\u015bci\u00f3\u0142 rzymskokatolicki)<\/strong><\/td>\n<td>20\/4<\/td>\n<td>5\/4<\/td>\n<td>28\/3<\/td>\n<td>16\/4<\/td>\n<td>1\/4<\/td>\n<\/tr>\n<\/tbody>\n<\/table>\t\t\t\t\t\t\t\t<\/div>\n\t\t\t\t<\/div>\n\t\t<div class=\"elementor-element elementor-element-791a8971 e-con-full elementor-hidden-desktop e-flex e-con e-child\" data-id=\"791a8971\" data-element_type=\"container\" data-e-type=\"container\" data-settings=\"{&quot;background_background&quot;:&quot;classic&quot;}\">\n\t\t\t\t<div class=\"elementor-element elementor-element-68d251be elementor-widget elementor-widget-heading\" data-id=\"68d251be\" data-element_type=\"widget\" data-e-type=\"widget\" data-widget_type=\"heading.default\">\n\t\t\t\t<div class=\"elementor-widget-container\">\n\t\t\t\t\t<h2 class=\"elementor-heading-title elementor-size-default\">Practical Information<\/h2>\t\t\t\t<\/div>\n\t\t\t\t<\/div>\n\t\t\t\t<div class=\"elementor-element elementor-element-2d3af2fa underlined-links elementor-icon-list--layout-traditional elementor-list-item-link-full_width elementor-widget elementor-widget-global elementor-global-382594 elementor-global-268969 elementor-widget-icon-list\" data-id=\"2d3af2fa\" data-element_type=\"widget\" data-e-type=\"widget\" data-widget_type=\"icon-list.default\">\n\t\t\t\t<div class=\"elementor-widget-container\">\n\t\t\t\t\t\t\t<ul class=\"elementor-icon-list-items\">\n\t\t\t\t\t\t\t<li class=\"elementor-icon-list-item\">\n\t\t\t\t\t\t\t\t\t\t<span class=\"elementor-icon-list-text\"><u style=\"padding-left: 10px\">Przydatne informacje<\/u><\/span>\n\t\t\t\t\t\t\t\t\t<\/li>\n\t\t\t\t\t\t\t\t<li class=\"elementor-icon-list-item\">\n\t\t\t\t\t\t\t\t\t\t\t<a href=\"https:\/\/www.visitcyprus.com\/pl\/useful-info\/o-cyprze\/\">\n\n\t\t\t\t\t\t\t\t\t\t\t<span class=\"elementor-icon-list-text\">- O Cyprze<\/span>\n\t\t\t\t\t\t\t\t\t\t\t<\/a>\n\t\t\t\t\t\t\t\t\t<\/li>\n\t\t\t\t\t\t\t\t<li class=\"elementor-icon-list-item\">\n\t\t\t\t\t\t\t\t\t\t\t<a href=\"https:\/\/www.visitcyprus.com\/pl\/useful-info\/dla-gosci-o-specjalnych-potrzebach\/\">\n\n\t\t\t\t\t\t\t\t\t\t\t<span class=\"elementor-icon-list-text\">- Dla Go\u015bci o Specjalnych Potrzebach<\/span>\n\t\t\t\t\t\t\t\t\t\t\t<\/a>\n\t\t\t\t\t\t\t\t\t<\/li>\n\t\t\t\t\t\t\t\t<li class=\"elementor-icon-list-item\">\n\t\t\t\t\t\t\t\t\t\t\t<a href=\"https:\/\/www.visitcyprus.com\/pl\/useful-info\/wymagania-wjazdowe\/\">\n\n\t\t\t\t\t\t\t\t\t\t\t<span class=\"elementor-icon-list-text\">- Wymagania Wjazdowe<\/span>\n\t\t\t\t\t\t\t\t\t\t\t<\/a>\n\t\t\t\t\t\t\t\t\t<\/li>\n\t\t\t\t\t\t\t\t<li class=\"elementor-icon-list-item\">\n\t\t\t\t\t\t\t\t\t\t\t<a href=\"https:\/\/www.visitcyprus.com\/pl\/useful-info\/telekomunikacja\/\">\n\n\t\t\t\t\t\t\t\t\t\t\t<span class=\"elementor-icon-list-text\">- Telekomunikacja<\/span>\n\t\t\t\t\t\t\t\t\t\t\t<\/a>\n\t\t\t\t\t\t\t\t\t<\/li>\n\t\t\t\t\t\t\t\t<li class=\"elementor-icon-list-item\">\n\t\t\t\t\t\t\t\t\t\t\t<a href=\"https:\/\/www.visitcyprus.com\/pl\/useful-info\/pogoda-i-klimat\/\">\n\n\t\t\t\t\t\t\t\t\t\t\t<span class=\"elementor-icon-list-text\">- Pogoda i Klimat<\/span>\n\t\t\t\t\t\t\t\t\t\t\t<\/a>\n\t\t\t\t\t\t\t\t\t<\/li>\n\t\t\t\t\t\t\t\t<li class=\"elementor-icon-list-item\">\n\t\t\t\t\t\t\t\t\t\t\t<a href=\"https:\/\/www.visitcyprus.com\/useful-info\/languages-religions\/\">\n\n\t\t\t\t\t\t\t\t\t\t\t<span class=\"elementor-icon-list-text\">- J\u0119zyki i Religie<\/span>\n\t\t\t\t\t\t\t\t\t\t\t<\/a>\n\t\t\t\t\t\t\t\t\t<\/li>\n\t\t\t\t\t\t\t\t<li class=\"elementor-icon-list-item\">\n\t\t\t\t\t\t\t\t\t\t\t<a href=\"https:\/\/www.visitcyprus.com\/pl\/useful-info\/srodki-platnicze-i-waluta\/\">\n\n\t\t\t\t\t\t\t\t\t\t\t<span class=\"elementor-icon-list-text\">- \u015arodki P\u0142atnicze i Waluta<\/span>\n\t\t\t\t\t\t\t\t\t\t\t<\/a>\n\t\t\t\t\t\t\t\t\t<\/li>\n\t\t\t\t\t\t\t\t<li class=\"elementor-icon-list-item\">\n\t\t\t\t\t\t\t\t\t\t\t<a href=\"https:\/\/www.visitcyprus.com\/pl\/useful-info\/strefa-czasowa-godziny-pracy-dni-swiateczne\/\">\n\n\t\t\t\t\t\t\t\t\t\t\t<span class=\"elementor-icon-list-text\">- Strefa Czasowa, Godziny Pracy, dni \u015awi\u0105teczne<\/span>\n\t\t\t\t\t\t\t\t\t\t\t<\/a>\n\t\t\t\t\t\t\t\t\t<\/li>\n\t\t\t\t\t\t\t\t<li class=\"elementor-icon-list-item\">\n\t\t\t\t\t\t\t\t\t\t\t<a href=\"https:\/\/www.visitcyprus.com\/pl\/useful-info\/zdrowie-i-bezpieczenstwo\/\">\n\n\t\t\t\t\t\t\t\t\t\t\t<span class=\"elementor-icon-list-text\">- Zdrowie i Bezpiecze\u0144stwo<\/span>\n\t\t\t\t\t\t\t\t\t\t\t<\/a>\n\t\t\t\t\t\t\t\t\t<\/li>\n\t\t\t\t\t\t\t\t<li class=\"elementor-icon-list-item\">\n\t\t\t\t\t\t\t\t\t\t\t<a href=\"https:\/\/www.visitcyprus.com\/pl\/useful-info\/transport\/\">\n\n\t\t\t\t\t\t\t\t\t\t\t<span class=\"elementor-icon-list-text\">- Podr\u00f3\u017cowanie po Wyspie<\/span>\n\t\t\t\t\t\t\t\t\t\t\t<\/a>\n\t\t\t\t\t\t\t\t\t<\/li>\n\t\t\t\t\t\t\t\t<li class=\"elementor-icon-list-item\">\n\t\t\t\t\t\t\t\t\t\t\t<a href=\"https:\/\/www.visitcyprus.com\/pl\/useful-info\/odpowiedzialna-turystyka-na-cyprze\/\">\n\n\t\t\t\t\t\t\t\t\t\t\t<span class=\"elementor-icon-list-text\">- Odpowiedzialna Turystyka na Cyprze<\/span>\n\t\t\t\t\t\t\t\t\t\t\t<\/a>\n\t\t\t\t\t\t\t\t\t<\/li>\n\t\t\t\t\t\t\t\t<li class=\"elementor-icon-list-item\">\n\t\t\t\t\t\t\t\t\t\t\t<a href=\"https:\/\/www.visitcyprus.com\/pl\/useful-info\/biura-informacji-turystycznej\/\">\n\n\t\t\t\t\t\t\t\t\t\t\t<span class=\"elementor-icon-list-text\">- Biura Informacji Turystycznej<\/span>\n\t\t\t\t\t\t\t\t\t\t\t<\/a>\n\t\t\t\t\t\t\t\t\t<\/li>\n\t\t\t\t\t\t<\/ul>\n\t\t\t\t\t\t<\/div>\n\t\t\t\t<\/div>\n\t\t\t\t<\/div>\n\t\t\t\t<\/div>\n\t\t<div class=\"elementor-element elementor-element-709075c3 e-con-full elementor-hidden-tablet elementor-hidden-mobile e-flex e-con e-child\" data-id=\"709075c3\" data-element_type=\"container\" data-e-type=\"container\" data-settings=\"{&quot;background_background&quot;:&quot;classic&quot;}\">\n\t\t\t\t<div class=\"elementor-element elementor-element-4d0d141b elementor-widget elementor-widget-heading\" data-id=\"4d0d141b\" data-element_type=\"widget\" data-e-type=\"widget\" data-widget_type=\"heading.default\">\n\t\t\t\t<div class=\"elementor-widget-container\">\n\t\t\t\t\t<h2 class=\"elementor-heading-title elementor-size-default\">Practical Information<\/h2>\t\t\t\t<\/div>\n\t\t\t\t<\/div>\n\t\t\t\t<div class=\"elementor-element elementor-element-697891b8 underlined-links elementor-icon-list--layout-traditional elementor-list-item-link-full_width elementor-widget elementor-widget-global elementor-global-382594 elementor-global-268969 elementor-widget-icon-list\" data-id=\"697891b8\" data-element_type=\"widget\" data-e-type=\"widget\" data-widget_type=\"icon-list.default\">\n\t\t\t\t<div class=\"elementor-widget-container\">\n\t\t\t\t\t\t\t<ul class=\"elementor-icon-list-items\">\n\t\t\t\t\t\t\t<li class=\"elementor-icon-list-item\">\n\t\t\t\t\t\t\t\t\t\t<span class=\"elementor-icon-list-text\"><u style=\"padding-left: 10px\">Przydatne informacje<\/u><\/span>\n\t\t\t\t\t\t\t\t\t<\/li>\n\t\t\t\t\t\t\t\t<li class=\"elementor-icon-list-item\">\n\t\t\t\t\t\t\t\t\t\t\t<a href=\"https:\/\/www.visitcyprus.com\/pl\/useful-info\/o-cyprze\/\">\n\n\t\t\t\t\t\t\t\t\t\t\t<span class=\"elementor-icon-list-text\">- O Cyprze<\/span>\n\t\t\t\t\t\t\t\t\t\t\t<\/a>\n\t\t\t\t\t\t\t\t\t<\/li>\n\t\t\t\t\t\t\t\t<li class=\"elementor-icon-list-item\">\n\t\t\t\t\t\t\t\t\t\t\t<a href=\"https:\/\/www.visitcyprus.com\/pl\/useful-info\/dla-gosci-o-specjalnych-potrzebach\/\">\n\n\t\t\t\t\t\t\t\t\t\t\t<span class=\"elementor-icon-list-text\">- Dla Go\u015bci o Specjalnych Potrzebach<\/span>\n\t\t\t\t\t\t\t\t\t\t\t<\/a>\n\t\t\t\t\t\t\t\t\t<\/li>\n\t\t\t\t\t\t\t\t<li class=\"elementor-icon-list-item\">\n\t\t\t\t\t\t\t\t\t\t\t<a href=\"https:\/\/www.visitcyprus.com\/pl\/useful-info\/wymagania-wjazdowe\/\">\n\n\t\t\t\t\t\t\t\t\t\t\t<span class=\"elementor-icon-list-text\">- Wymagania Wjazdowe<\/span>\n\t\t\t\t\t\t\t\t\t\t\t<\/a>\n\t\t\t\t\t\t\t\t\t<\/li>\n\t\t\t\t\t\t\t\t<li class=\"elementor-icon-list-item\">\n\t\t\t\t\t\t\t\t\t\t\t<a href=\"https:\/\/www.visitcyprus.com\/pl\/useful-info\/telekomunikacja\/\">\n\n\t\t\t\t\t\t\t\t\t\t\t<span class=\"elementor-icon-list-text\">- Telekomunikacja<\/span>\n\t\t\t\t\t\t\t\t\t\t\t<\/a>\n\t\t\t\t\t\t\t\t\t<\/li>\n\t\t\t\t\t\t\t\t<li class=\"elementor-icon-list-item\">\n\t\t\t\t\t\t\t\t\t\t\t<a href=\"https:\/\/www.visitcyprus.com\/pl\/useful-info\/pogoda-i-klimat\/\">\n\n\t\t\t\t\t\t\t\t\t\t\t<span class=\"elementor-icon-list-text\">- Pogoda i Klimat<\/span>\n\t\t\t\t\t\t\t\t\t\t\t<\/a>\n\t\t\t\t\t\t\t\t\t<\/li>\n\t\t\t\t\t\t\t\t<li class=\"elementor-icon-list-item\">\n\t\t\t\t\t\t\t\t\t\t\t<a href=\"https:\/\/www.visitcyprus.com\/useful-info\/languages-religions\/\">\n\n\t\t\t\t\t\t\t\t\t\t\t<span class=\"elementor-icon-list-text\">- J\u0119zyki i Religie<\/span>\n\t\t\t\t\t\t\t\t\t\t\t<\/a>\n\t\t\t\t\t\t\t\t\t<\/li>\n\t\t\t\t\t\t\t\t<li class=\"elementor-icon-list-item\">\n\t\t\t\t\t\t\t\t\t\t\t<a href=\"https:\/\/www.visitcyprus.com\/pl\/useful-info\/srodki-platnicze-i-waluta\/\">\n\n\t\t\t\t\t\t\t\t\t\t\t<span class=\"elementor-icon-list-text\">- \u015arodki P\u0142atnicze i Waluta<\/span>\n\t\t\t\t\t\t\t\t\t\t\t<\/a>\n\t\t\t\t\t\t\t\t\t<\/li>\n\t\t\t\t\t\t\t\t<li class=\"elementor-icon-list-item\">\n\t\t\t\t\t\t\t\t\t\t\t<a href=\"https:\/\/www.visitcyprus.com\/pl\/useful-info\/strefa-czasowa-godziny-pracy-dni-swiateczne\/\">\n\n\t\t\t\t\t\t\t\t\t\t\t<span class=\"elementor-icon-list-text\">- Strefa Czasowa, Godziny Pracy, dni \u015awi\u0105teczne<\/span>\n\t\t\t\t\t\t\t\t\t\t\t<\/a>\n\t\t\t\t\t\t\t\t\t<\/li>\n\t\t\t\t\t\t\t\t<li class=\"elementor-icon-list-item\">\n\t\t\t\t\t\t\t\t\t\t\t<a href=\"https:\/\/www.visitcyprus.com\/pl\/useful-info\/zdrowie-i-bezpieczenstwo\/\">\n\n\t\t\t\t\t\t\t\t\t\t\t<span class=\"elementor-icon-list-text\">- Zdrowie i Bezpiecze\u0144stwo<\/span>\n\t\t\t\t\t\t\t\t\t\t\t<\/a>\n\t\t\t\t\t\t\t\t\t<\/li>\n\t\t\t\t\t\t\t\t<li class=\"elementor-icon-list-item\">\n\t\t\t\t\t\t\t\t\t\t\t<a href=\"https:\/\/www.visitcyprus.com\/pl\/useful-info\/transport\/\">\n\n\t\t\t\t\t\t\t\t\t\t\t<span class=\"elementor-icon-list-text\">- Podr\u00f3\u017cowanie po Wyspie<\/span>\n\t\t\t\t\t\t\t\t\t\t\t<\/a>\n\t\t\t\t\t\t\t\t\t<\/li>\n\t\t\t\t\t\t\t\t<li class=\"elementor-icon-list-item\">\n\t\t\t\t\t\t\t\t\t\t\t<a href=\"https:\/\/www.visitcyprus.com\/pl\/useful-info\/odpowiedzialna-turystyka-na-cyprze\/\">\n\n\t\t\t\t\t\t\t\t\t\t\t<span class=\"elementor-icon-list-text\">- Odpowiedzialna Turystyka na Cyprze<\/span>\n\t\t\t\t\t\t\t\t\t\t\t<\/a>\n\t\t\t\t\t\t\t\t\t<\/li>\n\t\t\t\t\t\t\t\t<li class=\"elementor-icon-list-item\">\n\t\t\t\t\t\t\t\t\t\t\t<a href=\"https:\/\/www.visitcyprus.com\/pl\/useful-info\/biura-informacji-turystycznej\/\">\n\n\t\t\t\t\t\t\t\t\t\t\t<span class=\"elementor-icon-list-text\">- Biura Informacji Turystycznej<\/span>\n\t\t\t\t\t\t\t\t\t\t\t<\/a>\n\t\t\t\t\t\t\t\t\t<\/li>\n\t\t\t\t\t\t<\/ul>\n\t\t\t\t\t\t<\/div>\n\t\t\t\t<\/div>\n\t\t\t\t<\/div>\n\t\t\t\t<\/div>\n\t\t\t\t<\/div>\n\t\t","protected":false},"excerpt":{"rendered":"<p>Strefa Czasowa, Godziny Pracy, dni \u015awi\u0105teczne Strefa czasowaCypr znajduje si\u0119 w strefie czasowej GMT + 2 godziny.Strefy czasowe w innych pa\u0144stwach Nazwa pa\u0144stwa R\u00f3\u017cnica czasu w godzinach wzgl\u0119dem GMT Austria [&hellip;]<\/p>\n","protected":false},"author":1,"featured_media":0,"parent":380324,"menu_order":0,"comment_status":"closed","ping_status":"closed","template":"","meta":{"_acf_changed":false,"footnotes":""},"class_list":["post-380425","page","type-page","status-publish","hentry"],"acf":[],"yoast_head":"<!-- This site is optimized with the Yoast SEO plugin v27.4 - https:\/\/yoast.com\/product\/yoast-seo-wordpress\/ -->\n<title>Strefa Czasowa, Godziny Pracy, dni \u015awi\u0105teczne - Visit Cyprus<\/title>\n<meta name=\"robots\" content=\"index, follow, max-snippet:-1, max-image-preview:large, max-video-preview:-1\" \/>\n<link rel=\"canonical\" href=\"https:\/\/www.visitcyprus.com\/pl\/useful-info\/strefa-czasowa-godziny-pracy-dni-swiateczne\/\" \/>\n<meta property=\"og:locale\" content=\"pl_PL\" \/>\n<meta property=\"og:type\" content=\"article\" \/>\n<meta property=\"og:title\" content=\"Strefa Czasowa, Godziny Pracy, dni \u015awi\u0105teczne - Visit Cyprus\" \/>\n<meta property=\"og:description\" content=\"Strefa Czasowa, Godziny Pracy, dni \u015awi\u0105teczne Strefa czasowaCypr znajduje si\u0119 w strefie czasowej GMT + 2 godziny.Strefy czasowe w innych pa\u0144stwach Nazwa pa\u0144stwa R\u00f3\u017cnica czasu w godzinach wzgl\u0119dem GMT Austria [&hellip;]\" \/>\n<meta property=\"og:url\" content=\"https:\/\/www.visitcyprus.com\/pl\/useful-info\/strefa-czasowa-godziny-pracy-dni-swiateczne\/\" \/>\n<meta property=\"og:site_name\" content=\"Visit Cyprus\" \/>\n<meta property=\"article:publisher\" content=\"https:\/\/www.facebook.com\/VisitCyprus.cy\/\" \/>\n<meta property=\"article:modified_time\" content=\"2025-04-11T07:01:53+00:00\" \/>\n<meta name=\"twitter:card\" content=\"summary_large_image\" \/>\n<meta name=\"twitter:site\" content=\"@visitcyprus\" \/>\n<meta name=\"twitter:label1\" content=\"Est. reading time\" \/>\n\t<meta name=\"twitter:data1\" content=\"5 minutes\" \/>\n<script type=\"application\/ld+json\" class=\"yoast-schema-graph\">{\"@context\":\"https:\\\/\\\/schema.org\",\"@graph\":[{\"@type\":\"WebPage\",\"@id\":\"https:\\\/\\\/www.visitcyprus.com\\\/pl\\\/useful-info\\\/strefa-czasowa-godziny-pracy-dni-swiateczne\\\/\",\"url\":\"https:\\\/\\\/www.visitcyprus.com\\\/pl\\\/useful-info\\\/strefa-czasowa-godziny-pracy-dni-swiateczne\\\/\",\"name\":\"Strefa Czasowa, Godziny Pracy, dni \u015awi\u0105teczne - Visit Cyprus\",\"isPartOf\":{\"@id\":\"https:\\\/\\\/www.visitcyprus.com\\\/pl\\\/#website\"},\"datePublished\":\"2024-04-25T09:37:20+00:00\",\"dateModified\":\"2025-04-11T07:01:53+00:00\",\"breadcrumb\":{\"@id\":\"https:\\\/\\\/www.visitcyprus.com\\\/pl\\\/useful-info\\\/strefa-czasowa-godziny-pracy-dni-swiateczne\\\/#breadcrumb\"},\"inLanguage\":\"pl-PL\",\"potentialAction\":[{\"@type\":\"ReadAction\",\"target\":[\"https:\\\/\\\/www.visitcyprus.com\\\/pl\\\/useful-info\\\/strefa-czasowa-godziny-pracy-dni-swiateczne\\\/\"]}]},{\"@type\":\"BreadcrumbList\",\"@id\":\"https:\\\/\\\/www.visitcyprus.com\\\/pl\\\/useful-info\\\/strefa-czasowa-godziny-pracy-dni-swiateczne\\\/#breadcrumb\",\"itemListElement\":[{\"@type\":\"ListItem\",\"position\":1,\"name\":\"Home\",\"item\":\"https:\\\/\\\/www.visitcyprus.com\\\/pl\\\/\"},{\"@type\":\"ListItem\",\"position\":2,\"name\":\"Useful Info\",\"item\":\"https:\\\/\\\/www.visitcyprus.com\\\/pl\\\/useful-info\\\/\"},{\"@type\":\"ListItem\",\"position\":3,\"name\":\"Strefa Czasowa, Godziny Pracy, dni \u015awi\u0105teczne\"}]},{\"@type\":\"WebSite\",\"@id\":\"https:\\\/\\\/www.visitcyprus.com\\\/pl\\\/#website\",\"url\":\"https:\\\/\\\/www.visitcyprus.com\\\/pl\\\/\",\"name\":\"Visit Cyprus\",\"description\":\"\",\"publisher\":{\"@id\":\"https:\\\/\\\/www.visitcyprus.com\\\/pl\\\/#organization\"},\"potentialAction\":[{\"@type\":\"SearchAction\",\"target\":{\"@type\":\"EntryPoint\",\"urlTemplate\":\"https:\\\/\\\/www.visitcyprus.com\\\/pl\\\/?s={search_term_string}\"},\"query-input\":{\"@type\":\"PropertyValueSpecification\",\"valueRequired\":true,\"valueName\":\"search_term_string\"}}],\"inLanguage\":\"pl-PL\"},{\"@type\":\"Organization\",\"@id\":\"https:\\\/\\\/www.visitcyprus.com\\\/pl\\\/#organization\",\"name\":\"Visit Cyprus\",\"url\":\"https:\\\/\\\/www.visitcyprus.com\\\/pl\\\/\",\"logo\":{\"@type\":\"ImageObject\",\"inLanguage\":\"pl-PL\",\"@id\":\"https:\\\/\\\/www.visitcyprus.com\\\/pl\\\/#\\\/schema\\\/logo\\\/image\\\/\",\"url\":\"https:\\\/\\\/www.visitcyprus.com\\\/wp-content\\\/uploads\\\/2024\\\/04\\\/visitcyprus-logo.png\",\"contentUrl\":\"https:\\\/\\\/www.visitcyprus.com\\\/wp-content\\\/uploads\\\/2024\\\/04\\\/visitcyprus-logo.png\",\"width\":89,\"height\":167,\"caption\":\"Visit Cyprus\"},\"image\":{\"@id\":\"https:\\\/\\\/www.visitcyprus.com\\\/pl\\\/#\\\/schema\\\/logo\\\/image\\\/\"},\"sameAs\":[\"https:\\\/\\\/www.facebook.com\\\/VisitCyprus.cy\\\/\",\"https:\\\/\\\/x.com\\\/visitcyprus\"]}]}<\/script>\n<!-- \/ Yoast SEO plugin. -->","yoast_head_json":{"title":"Strefa Czasowa, Godziny Pracy, dni \u015awi\u0105teczne - Visit Cyprus","robots":{"index":"index","follow":"follow","max-snippet":"max-snippet:-1","max-image-preview":"max-image-preview:large","max-video-preview":"max-video-preview:-1"},"canonical":"https:\/\/www.visitcyprus.com\/pl\/useful-info\/strefa-czasowa-godziny-pracy-dni-swiateczne\/","og_locale":"pl_PL","og_type":"article","og_title":"Strefa Czasowa, Godziny Pracy, dni \u015awi\u0105teczne - Visit Cyprus","og_description":"Strefa Czasowa, Godziny Pracy, dni \u015awi\u0105teczne Strefa czasowaCypr znajduje si\u0119 w strefie czasowej GMT + 2 godziny.Strefy czasowe w innych pa\u0144stwach Nazwa pa\u0144stwa R\u00f3\u017cnica czasu w godzinach wzgl\u0119dem GMT Austria [&hellip;]","og_url":"https:\/\/www.visitcyprus.com\/pl\/useful-info\/strefa-czasowa-godziny-pracy-dni-swiateczne\/","og_site_name":"Visit Cyprus","article_publisher":"https:\/\/www.facebook.com\/VisitCyprus.cy\/","article_modified_time":"2025-04-11T07:01:53+00:00","twitter_card":"summary_large_image","twitter_site":"@visitcyprus","twitter_misc":{"Est. reading time":"5 minutes"},"schema":{"@context":"https:\/\/schema.org","@graph":[{"@type":"WebPage","@id":"https:\/\/www.visitcyprus.com\/pl\/useful-info\/strefa-czasowa-godziny-pracy-dni-swiateczne\/","url":"https:\/\/www.visitcyprus.com\/pl\/useful-info\/strefa-czasowa-godziny-pracy-dni-swiateczne\/","name":"Strefa Czasowa, Godziny Pracy, dni \u015awi\u0105teczne - Visit Cyprus","isPartOf":{"@id":"https:\/\/www.visitcyprus.com\/pl\/#website"},"datePublished":"2024-04-25T09:37:20+00:00","dateModified":"2025-04-11T07:01:53+00:00","breadcrumb":{"@id":"https:\/\/www.visitcyprus.com\/pl\/useful-info\/strefa-czasowa-godziny-pracy-dni-swiateczne\/#breadcrumb"},"inLanguage":"pl-PL","potentialAction":[{"@type":"ReadAction","target":["https:\/\/www.visitcyprus.com\/pl\/useful-info\/strefa-czasowa-godziny-pracy-dni-swiateczne\/"]}]},{"@type":"BreadcrumbList","@id":"https:\/\/www.visitcyprus.com\/pl\/useful-info\/strefa-czasowa-godziny-pracy-dni-swiateczne\/#breadcrumb","itemListElement":[{"@type":"ListItem","position":1,"name":"Home","item":"https:\/\/www.visitcyprus.com\/pl\/"},{"@type":"ListItem","position":2,"name":"Useful Info","item":"https:\/\/www.visitcyprus.com\/pl\/useful-info\/"},{"@type":"ListItem","position":3,"name":"Strefa Czasowa, Godziny Pracy, dni \u015awi\u0105teczne"}]},{"@type":"WebSite","@id":"https:\/\/www.visitcyprus.com\/pl\/#website","url":"https:\/\/www.visitcyprus.com\/pl\/","name":"Visit Cyprus","description":"","publisher":{"@id":"https:\/\/www.visitcyprus.com\/pl\/#organization"},"potentialAction":[{"@type":"SearchAction","target":{"@type":"EntryPoint","urlTemplate":"https:\/\/www.visitcyprus.com\/pl\/?s={search_term_string}"},"query-input":{"@type":"PropertyValueSpecification","valueRequired":true,"valueName":"search_term_string"}}],"inLanguage":"pl-PL"},{"@type":"Organization","@id":"https:\/\/www.visitcyprus.com\/pl\/#organization","name":"Visit Cyprus","url":"https:\/\/www.visitcyprus.com\/pl\/","logo":{"@type":"ImageObject","inLanguage":"pl-PL","@id":"https:\/\/www.visitcyprus.com\/pl\/#\/schema\/logo\/image\/","url":"https:\/\/www.visitcyprus.com\/wp-content\/uploads\/2024\/04\/visitcyprus-logo.png","contentUrl":"https:\/\/www.visitcyprus.com\/wp-content\/uploads\/2024\/04\/visitcyprus-logo.png","width":89,"height":167,"caption":"Visit Cyprus"},"image":{"@id":"https:\/\/www.visitcyprus.com\/pl\/#\/schema\/logo\/image\/"},"sameAs":["https:\/\/www.facebook.com\/VisitCyprus.cy\/","https:\/\/x.com\/visitcyprus"]}]}},"_links":{"self":[{"href":"https:\/\/www.visitcyprus.com\/pl\/wp-json\/wp\/v2\/pages\/380425","targetHints":{"allow":["GET"]}}],"collection":[{"href":"https:\/\/www.visitcyprus.com\/pl\/wp-json\/wp\/v2\/pages"}],"about":[{"href":"https:\/\/www.visitcyprus.com\/pl\/wp-json\/wp\/v2\/types\/page"}],"author":[{"embeddable":true,"href":"https:\/\/www.visitcyprus.com\/pl\/wp-json\/wp\/v2\/users\/1"}],"replies":[{"embeddable":true,"href":"https:\/\/www.visitcyprus.com\/pl\/wp-json\/wp\/v2\/comments?post=380425"}],"version-history":[{"count":0,"href":"https:\/\/www.visitcyprus.com\/pl\/wp-json\/wp\/v2\/pages\/380425\/revisions"}],"up":[{"embeddable":true,"href":"https:\/\/www.visitcyprus.com\/pl\/wp-json\/wp\/v2\/pages\/380324"}],"wp:attachment":[{"href":"https:\/\/www.visitcyprus.com\/pl\/wp-json\/wp\/v2\/media?parent=380425"}],"curies":[{"name":"wp","href":"https:\/\/api.w.org\/{rel}","templated":true}]}}